{"id":2,"date":"2011-05-18T11:26:44","date_gmt":"2011-05-18T09:26:44","guid":{"rendered":"http:\/\/renee-sibuet.fr\/?page_id=2"},"modified":"2025-08-08T07:13:19","modified_gmt":"2025-08-08T05:13:19","slug":"page-d-exemple","status":"publish","type":"page","link":"https:\/\/renee-sibuet.fr\/?page_id=2","title":{"rendered":"Expositions"},"content":{"rendered":"<p style=\"text-align: left; padding-left: 30px;\"><span style=\"text-decoration: underline; color: #ffcc00;\"><strong>2017<br \/>\n<\/strong><\/span><span style=\"color: #c0c0c0;\">Salon<\/span>&nbsp;<span style=\"color: #ffffff;\"><strong>ARTCIT\u00c9 BOURG<\/strong><\/span>&nbsp;<span style=\"color: #c0c0c0;\">Salle des f\u00eates de Bourg en Bresse<\/span><br \/>\n<strong>Exposition \u00e0 H2M<\/strong><span style=\"color: #c0c0c0;\">, Bourg en Bresse<\/span><\/p>\n<p style=\"text-align: left; padding-left: 30px;\">&#8211; &#8211; &#8211; &#8211; &#8211; &#8211; &#8211; &#8211; &#8211; &#8211; &#8211; &#8211; &#8211; &#8211; &#8211; &#8211; &#8211;<\/p>\n<p style=\"text-align: left; padding-left: 30px;\"><span style=\"text-decoration: underline; color: #ffcc00;\"><strong>2016<br \/>\n<\/strong><\/span><span style=\"color: #c0c0c0;\">Salon<\/span>&nbsp;<span style=\"color: #ffffff;\"><strong>ARTCIT\u00c9 BOURG<\/strong><\/span>&nbsp;<span style=\"color: #c0c0c0;\">Salle des f\u00eates de Bourg en Bresse<\/span><\/p>\n<p style=\"text-align: left; padding-left: 30px;\">&#8211; &#8211; &#8211; &#8211; &#8211; &#8211; &#8211; &#8211; &#8211; &#8211; &#8211; &#8211; &#8211; &#8211; &#8211; &#8211; &#8211;<\/p>\n<p style=\"text-align: left; padding-left: 30px;\"><span style=\"text-decoration: underline; color: #ffcc00;\"><strong>2015<br \/>\n<\/strong><\/span><span style=\"color: #c0c0c0;\">Salon<\/span>&nbsp;<span style=\"color: #ffffff;\"><strong>ARTCIT\u00c9 BOURG<\/strong><\/span>&nbsp;<span style=\"color: #c0c0c0;\">Salle des f\u00eates de Bourg en Bresse<\/span><\/p>\n<p style=\"text-align: left; padding-left: 30px;\">&#8211; &#8211; &#8211; &#8211; &#8211; &#8211; &#8211; &#8211; &#8211; &#8211; &#8211; &#8211; &#8211; &#8211; &#8211; &#8211; &#8211;<\/p>\n<p style=\"text-align: left; padding-left: 30px;\"><span style=\"text-decoration: underline; color: #ffcc00;\"><strong>2014<br \/>\n<\/strong><\/span><span style=\"color: #c0c0c0;\">Salon<\/span>&nbsp;<span style=\"color: #ffffff;\"><strong>ARTCIT\u00c9 BOURG<\/strong><\/span>&nbsp;<span style=\"color: #c0c0c0;\">Salle des f\u00eates de Bourg en Bresse<\/span><br \/>\n<strong>Les Arts Pontevallois<\/strong><span style=\"color: #c0c0c0;\">, Pont de Vaux<\/span><br \/>\n<strong>Galerie d&rsquo;Art du Quai<\/strong>, <span style=\"color: #c0c0c0;\">Saint Rambert en Bugey<\/span><br \/>\n<strong>R\u00e9trospective<\/strong><span style=\"color: #c0c0c0;\">, MJC de Bourg-en-Bresse, du 27 novembre au 20 d\u00e9cembre<\/span><\/p>\n<p style=\"text-align: left; padding-left: 30px;\">&#8211; &#8211; &#8211; &#8211; &#8211; &#8211; &#8211; &#8211; &#8211; &#8211; &#8211; &#8211; &#8211; &#8211; &#8211; &#8211; &#8211;<\/p>\n<p style=\"text-align: left; padding-left: 30px;\"><span style=\"text-decoration: underline; color: #ffcc00;\"><strong>2013<\/strong><\/span><br \/>\n<span style=\"color: #c0c0c0;\">Salon&nbsp;<span style=\"color: #ffffff;\"><strong>ARTCIT\u00c9 BOURG<\/strong><\/span>&nbsp;Salle des f\u00eates de Bourg en Bresse<\/span><br \/>\n<span style=\"color: #c0c0c0;\">Exposition&nbsp; \u00e0 <span style=\"color: #ffffff;\"><strong>Bad Kreuznach<\/strong><\/span> du 30 mai au 30 juin 2013<br \/>\nExposition <span style=\"color: #ffffff;\"><strong>Anapurna&nbsp;N\u00e9pal\/Atelier 15<\/strong><\/span>&nbsp;au centre culturel Leclerc du 13 mai au 1er juin 2013<\/span><span style=\"color: #c0c0c0;\"><br \/>\n<\/span><strong>Les Arts Pontevallois<\/strong><span style=\"color: #c0c0c0;\">, Pont de Vaux<br \/>\n<strong>Village d&rsquo;artistes<\/strong><span style=\"color: #c0c0c0;\">,&nbsp;clo\u00eetre de Brou, Bourg-en-Bresse<\/span><br \/>\n<\/span><strong>H2M avec ATELIER 15<\/strong><span style=\"color: #c0c0c0;\">, Bourg-en-Bresse<\/span><\/p>\n<p>&nbsp; &nbsp; &nbsp; &nbsp;&#8211; &#8211; &#8211; &#8211; &#8211; &#8211; &#8211; &#8211; &#8211; &#8211; &#8211; &#8211; &#8211; &#8211; &#8211; &#8211; &#8211;<\/p>\n<p style=\"text-align: left; padding-left: 30px;\"><span style=\"text-decoration: underline; color: #ffcc00;\"><strong>2012<br \/>\n<\/strong><\/span><strong>Galerie THUILLER&nbsp;<\/strong><span style=\"color: #c0c0c0;\">13 rue de Thorigny 75003 PARIS (de mars \u00e0 juillet)<br \/>\nSalon&nbsp;<span style=\"color: #ffffff;\"><strong>ARTCIT\u00c9 BOURG<\/strong><\/span>&nbsp;Salle des f\u00eates de Bourg en Bresse<br \/>\nLes <span style=\"color: #ffffff;\"><strong>ARTS PONTEVALLOIS<\/strong><\/span>, Pont de Vaux<br \/>\n<span style=\"color: #ffffff;\"><strong>Village d&rsquo;artistes<\/strong><\/span>, clo\u00eetre de Brou, Bourg-en-Bresse&nbsp;<\/span><\/p>\n<p>&nbsp; &nbsp; &nbsp; &nbsp;&#8211; &#8211; &#8211; &#8211; &#8211; &#8211; &#8211; &#8211; &#8211; &#8211; &#8211; &#8211; &#8211; &#8211; &#8211; &#8211; &#8211;<\/p>\n<p style=\"text-align: left; padding-left: 30px;\"><span style=\"text-decoration: underline; color: #ffcc00;\"><strong>2011<br \/>\n<\/strong><\/span><span style=\"color: #c0c0c0;\">Exposition \u00e0 <span style=\"color: #ffffff;\"><strong>H2M<\/strong><\/span> \u00e0 Bourg<br \/>\nSalon <\/span><strong>ARTCIT\u00c9<\/strong> <span style=\"color: #c0c0c0;\">\u00e0 Bourg en Bresse,<\/span> <strong>Prix du Lions Club Doyen<br \/>\n<\/strong>\u00ab\u00a0<strong>Les journandises\u00a0\u00bb<\/strong> <span style=\"color: #c0c0c0;\">\u00e0 Journans<br \/>\n<\/span><strong>CAPEXPO<\/strong> <span style=\"color: #c0c0c0;\">\u00e0 Bourg<br \/>\n<\/span><strong>Village d&rsquo;artistes<\/strong><span style=\"color: #c0c0c0;\">, clo\u00eetres de Brou \u00e0 Bourg<\/span><\/p>\n<p style=\"text-align: left; padding-left: 30px;\">&#8211; &#8211; &#8211; &#8211; &#8211; &#8211; &#8211; &#8211; &#8211; &#8211; &#8211; &#8211; &#8211; &#8211; &#8211; &#8211; &#8211;<\/p>\n<p style=\"text-align: left; padding-left: 30px;\"><span style=\"text-decoration: underline; color: #ffcc00;\"><strong>2010<\/strong><\/span><br \/>\n<strong>Ets EUROVIA<\/strong> <span style=\"color: #c0c0c0;\">\u00e0 Bourg<\/span><br \/>\n<span style=\"color: #c0c0c0;\">Salon<\/span> <strong>ARTCIT\u00c9<\/strong> <span style=\"color: #c0c0c0;\">\u00e0 Bourg<\/span><br \/>\n<strong>\u00ab\u00a0Les journandises\u00a0\u00bb<\/strong> <span style=\"color: #c0c0c0;\">\u00e0 Journans<\/span><br \/>\n<strong>Village d&rsquo;artistes<\/strong><span style=\"color: #c0c0c0;\">, clo\u00eetres de Brou \u00e0 Bourg<\/span><br \/>\n<strong>Hotel Marron de Meillonnas<\/strong> <span style=\"color: #c0c0c0;\">H2M \u00e0 Bourg<\/span><\/p>\n<p style=\"text-align: left; padding-left: 30px;\"><span style=\"color: #c0c0c0;\">&#8211; &#8211; &#8211; &#8211; &#8211; &#8211; &#8211; &#8211; &#8211; &#8211; &#8211; &#8211; &#8211; &#8211; &#8211; &#8211; &#8211;<br \/>\n<\/span><\/p>\n<p style=\"text-align: left; padding-left: 30px;\"><span style=\"text-decoration: underline; color: #ffcc00;\"><strong>2009<\/strong><\/span><br \/>\n<span style=\"color: #c0c0c0;\">Salon de l&rsquo;<\/span><strong>Amicale Artistique<\/strong> <span style=\"color: #c0c0c0;\">\u00e0 Bourg<\/span><br \/>\n<strong>\u00ab\u00a0Les journandises\u00a0\u00bb<\/strong> <span style=\"color: #c0c0c0;\">\u00e0 Journans<\/span><br \/>\n<strong>Village d&rsquo;artistes<\/strong><span style=\"color: #c0c0c0;\">, clo\u00eetres de Brou \u00e0 Bourg<\/span><\/p>\n<p style=\"text-align: left; padding-left: 30px;\"><span style=\"color: #c0c0c0;\">&#8211; &#8211; &#8211; &#8211; &#8211; &#8211; &#8211; &#8211; &#8211; &#8211; &#8211; &#8211; &#8211; &#8211; &#8211; &#8211; &#8211;<br \/>\n<\/span><\/p>\n<p style=\"text-align: left; padding-left: 30px;\"><strong><span style=\"text-decoration: underline; color: #ffcc00;\">2008<\/span><br \/>\n<\/strong><span style=\"color: #c0c0c0;\">Salon de l&rsquo;<\/span><strong>Amicale Artistique<\/strong> <span style=\"color: #c0c0c0;\">\u00e0 Bourg-en-Bresse<\/span><br \/>\n<strong>R\u00e9trospective<\/strong><span style=\"color: #c0c0c0;\"> \u00e0 la MJC de Bourg-en-Bresse<\/span><br \/>\n<strong>Maison Cazin<\/strong><span style=\"color: #c0c0c0;\"> \u00e0 P\u00e9rouges.<\/span><\/p>\n","protected":false},"excerpt":{"rendered":"<p>2017 Salon&nbsp;ARTCIT\u00c9 BOURG&nbsp;Salle des f\u00eates de Bourg en Bresse Exposition \u00e0 H2M, Bourg en Bresse &#8211; &#8211; &#8211; &#8211; &#8211; &#8211; &#8211; &#8211; &#8211; &#8211; &#8211; &#8211; &#8211; &#8211; &#8211; &#8211; &#8211; 2016 Salon&nbsp;ARTCIT\u00c9 BOURG&nbsp;Salle des f\u00eates de Bourg en Bresse &#8211; &#8211; &#8211; &#8211; &#8211; &#8211; &#8211; &#8211; &#8211; &#8211; &#8211; &#8211; &#8211; &#8211; [&hellip;]<\/p>\n","protected":false},"author":1,"featured_media":0,"parent":0,"menu_order":0,"comment_status":"closed","ping_status":"closed","template":"onecolumn-page.php","meta":{"footnotes":"","_links_to":"","_links_to_target":""},"class_list":["post-2","page","type-page","status-publish","hentry"],"_links":{"self":[{"href":"https:\/\/renee-sibuet.fr\/index.php?rest_route=\/wp\/v2\/pages\/2","targetHints":{"allow":["GET"]}}],"collection":[{"href":"https:\/\/renee-sibuet.fr\/index.php?rest_route=\/wp\/v2\/pages"}],"about":[{"href":"https:\/\/renee-sibuet.fr\/index.php?rest_route=\/wp\/v2\/types\/page"}],"author":[{"embeddable":true,"href":"https:\/\/renee-sibuet.fr\/index.php?rest_route=\/wp\/v2\/users\/1"}],"replies":[{"embeddable":true,"href":"https:\/\/renee-sibuet.fr\/index.php?rest_route=%2Fwp%2Fv2%2Fcomments&post=2"}],"version-history":[{"count":41,"href":"https:\/\/renee-sibuet.fr\/index.php?rest_route=\/wp\/v2\/pages\/2\/revisions"}],"predecessor-version":[{"id":1581,"href":"https:\/\/renee-sibuet.fr\/index.php?rest_route=\/wp\/v2\/pages\/2\/revisions\/1581"}],"wp:attachment":[{"href":"https:\/\/renee-sibuet.fr\/index.php?rest_route=%2Fwp%2Fv2%2Fmedia&parent=2"}],"curies":[{"name":"wp","href":"https:\/\/api.w.org\/{rel}","templated":true}]}}